{"id":2,"date":"2013-11-18T21:37:32","date_gmt":"2013-11-18T19:37:32","guid":{"rendered":"http:\/\/www.freibad-neubeckum.de\/wp\/?page_id=2"},"modified":"2026-04-22T16:52:55","modified_gmt":"2026-04-22T14:52:55","slug":"beispiel-seite","status":"publish","type":"page","link":"http:\/\/www.freibad-neubeckum.de\/wp\/?page_id=2","title":{"rendered":"Wir danken allen Unterst\u00fctzerinnen und Unterst\u00fctzern!"},"content":{"rendered":"\n<div style=\"height:15px\" aria-hidden=\"true\" class=\"wp-block-spacer\"><\/div>\n\n\n<p>Liebe Freibadfreunde, &#x1f30a;<\/p>\n<p>zu Beginn des neuen Jahres sprechen wir ein riesiges DANKESCH\u00d6N an alle an alle Unterst\u00fctzerinnen und Unterst\u00fctzer &#x1f499; aus, die unserem Spendenaufruf so gro\u00dfz\u00fcgig nachgekommen sind. &#x1f4b0; Es ist eine tolle Summe zusammen gekommen, die aufs neue nicht nur uns, sondern auch der Auswahlkommission f\u00fcr die Forderung unseres Sanierungsvorhabens deutlich zeigt, wie sehr unser Freibad unserer Gemeinschaft am Herzen liegt. Nun hei\u00dft es Daumen dr\u00fccken! &#x1f91e;<\/p>\n<p>Herzliche Gr\u00fc\u00dfe <br \/>der Vorstand\u00a0<\/p>\n<p><strong>&#x27a1;&#xfe0f;<\/strong> Hier geht&#8217;s zu unseren Beitr\u00e4gen auf <a href=\"https:\/\/www.facebook.com\/FreibadNeubeckum\/?fref=ts\">Facebook<\/a><\/p>\n\n\n<p><strong>&#x27a1;&#xfe0f;<\/strong> Hier geht&#8217;s zu unseren Beitr\u00e4gen auf <a href=\"https:\/\/www.instagram.com\/foerdervereinfreibadneubeckum\/\" data-type=\"link\" data-id=\"https:\/\/www.instagram.com\/foerdervereinfreibadneubeckum\/\">Instagram<\/a> <br><\/p>\n","protected":false},"excerpt":{"rendered":"<p>Liebe Freibadfreunde, &#x1f30a; zu Beginn des neuen Jahres sprechen wir ein riesiges DANKESCH\u00d6N an alle an alle Unterst\u00fctzerinnen und Unterst\u00fctzer &#x1f499; aus, die unserem Spendenaufruf so gro\u00dfz\u00fcgig nachgekommen sind. &#x1f4b0; Es ist eine tolle Summe zusammen gekommen, die aufs neue nicht nur uns, sondern auch der Auswahlkommission f\u00fcr die Forderung unseres Sanierungsvorhabens deutlich zeigt, wie sehr unser Freibad unserer Gemeinschaft am Herzen liegt. Nun hei\u00dft es Daumen dr\u00fccken! &#x1f91e; Herzliche Gr\u00fc\u00dfe der Vorstand\u00a0 &#x27a1;&#xfe0f; Hier geht&#8217;s zu unseren Beitr\u00e4gen auf&#8230;<\/p>\n<p class=\"read-more\"><a class=\"btn btn-default\" href=\"http:\/\/www.freibad-neubeckum.de\/wp\/?page_id=2\">Weiterlesen<span class=\"screen-reader-text\"> Weiterlesen<\/span><\/a><\/p>\n","protected":false},"author":1,"featured_media":0,"parent":0,"menu_order":0,"comment_status":"closed","ping_status":"closed","template":"","meta":{"footnotes":""},"_links":{"self":[{"href":"http:\/\/www.freibad-neubeckum.de\/wp\/index.php?rest_route=\/wp\/v2\/pages\/2"}],"collection":[{"href":"http:\/\/www.freibad-neubeckum.de\/wp\/index.php?rest_route=\/wp\/v2\/pages"}],"about":[{"href":"http:\/\/www.freibad-neubeckum.de\/wp\/index.php?rest_route=\/wp\/v2\/types\/page"}],"author":[{"embeddable":true,"href":"http:\/\/www.freibad-neubeckum.de\/wp\/index.php?rest_route=\/wp\/v2\/users\/1"}],"replies":[{"embeddable":true,"href":"http:\/\/www.freibad-neubeckum.de\/wp\/index.php?rest_route=%2Fwp%2Fv2%2Fcomments&post=2"}],"version-history":[{"count":19,"href":"http:\/\/www.freibad-neubeckum.de\/wp\/index.php?rest_route=\/wp\/v2\/pages\/2\/revisions"}],"predecessor-version":[{"id":1046,"href":"http:\/\/www.freibad-neubeckum.de\/wp\/index.php?rest_route=\/wp\/v2\/pages\/2\/revisions\/1046"}],"wp:attachment":[{"href":"http:\/\/www.freibad-neubeckum.de\/wp\/index.php?rest_route=%2Fwp%2Fv2%2Fmedia&parent=2"}],"curies":[{"name":"wp","href":"https:\/\/api.w.org\/{rel}","templated":true}]}}